{"id":4695,"date":"2021-11-06T12:17:07","date_gmt":"2021-11-06T10:17:07","guid":{"rendered":"https:\/\/beatrix-becker.de\/?page_id=4695"},"modified":"2025-08-20T11:53:57","modified_gmt":"2025-08-20T09:53:57","slug":"calendar","status":"publish","type":"page","link":"https:\/\/beatrix-becker.de\/en\/calendar\/","title":{"rendered":"Calender"},"content":{"rendered":"<div id=\"cs-content\" class=\"cs-content\"><div class=\"x-section e4695-e1 m3mf-0 m3mf-1\"><div class=\"x-row x-container max width e4695-e2 m3mf-4 m3mf-5 m3mf-6\"><div class=\"x-row-inner\"><div class=\"x-col e4695-e3 m3mf-9 m3mf-a\"><div class=\"x-text x-text-headline e4695-e4 m3mf-d\"><div class=\"x-text-content\"><div class=\"x-text-content-text\"><h1 class=\"x-text-content-text-primary\">Calendar<\/h1>\n<\/div><\/div><\/div><hr class=\"x-line e4695-e5 m3mf-f m3mf-g\"\/><div class=\"x-text x-content e4695-e6 m3mf-j\"><p>Please subscribe to my newsletter to stay informed about my upcoming concerts and\/or workshops.<\/p><\/div><\/div><\/div><\/div><\/div><div class=\"x-section e4695-e7 m3mf-0 m3mf-2\"><div class=\"x-row e4695-e8 m3mf-4 m3mf-5 m3mf-7\"><div class=\"x-row-inner\"><div class=\"x-col e4695-e9 m3mf-9 m3mf-a m3mf-b\"><div class=\"x-bg\" aria-hidden=\"true\"><div class=\"x-bg-layer-lower-image\"><\/div><\/div><hr class=\"x-line e4695-e10 m3mf-g m3mf-h\"\/><\/div><div class=\"x-col e4695-e11 m3mf-9 m3mf-c\"><hr class=\"x-line e4695-e12 m3mf-g m3mf-i\"\/><div class=\"x-text x-text-headline e4695-e13 m3mf-d m3mf-e\"><div class=\"x-text-content\"><div class=\"x-text-content-text\"><h1 class=\"x-text-content-text-primary\">NEWSLETTER - BEHIND THE BRIDGE<\/h1>\n<\/div><\/div><\/div><hr class=\"x-line e4695-e14 m3mf-g m3mf-i\"\/><div class=\"x-text x-content e4695-e15 m3mf-j\"><p>For me music is a language that builds bridges between people, experiences, emotions, customs, hearts, and cultures.&nbsp;Live in concert, this happens in a uniquely magical moment, bundled and completely immersed in the moment.<\/p>\n<p>What takes place beyond the spotlight is what I illuminate in this newsletter.<br \/>A welcome gift is already waiting for you.<\/p>\n<p><em><span style=\"color: var(--c-base);\">Your data will be kept confidential and you can unsubscribe at any time. For more information please see: <\/span><a href=\"\/?page_id=295&amp;lang=en\">Privacy<\/a><span style=\"color: var(--c-base);\">.<\/span><\/em><\/p><\/div><hr class=\"x-line e4695-e16 m3mf-g m3mf-i\"\/><script>(function() {\n\twindow.mc4wp = window.mc4wp || {\n\t\tlisteners: [],\n\t\tforms: {\n\t\t\ton: function(evt, cb) {\n\t\t\t\twindow.mc4wp.listeners.push(\n\t\t\t\t\t{\n\t\t\t\t\t\tevent   : evt,\n\t\t\t\t\t\tcallback: cb\n\t\t\t\t\t}\n\t\t\t\t);\n\t\t\t}\n\t\t}\n\t}\n})();\n<\/script><!-- Mailchimp for WordPress v4.12.2 - https:\/\/wordpress.org\/plugins\/mailchimp-for-wp\/ --><form id=\"mc4wp-form-1\" class=\"mc4wp-form mc4wp-form-1891 mc4wp-form-theme mc4wp-form-theme-dark\" method=\"post\" data-id=\"1891\" data-name=\"Default sign-up form\" ><div class=\"mc4wp-form-fields\"><p>\r\n\t<label>E-mail: <\/label>\r\n\t<input type=\"email\" id=\"mc4wp_email\" name=\"EMAIL\" placeholder=\"\" required \/><br>\r\n\t<label>First name:<\/label>\r\n\t<input type=\"text\" name=\"FNAME\" required><br>\r\n\t<label>Surname (voluntarily):<\/label>\r\n\t<input type=\"text\" name=\"LNAME\">\r\n<\/p>\r\n<p>\r\n\t<input type=\"submit\" value=\"OK\" \/>\r\n<\/p><\/div><label style=\"display: none !important;\">Leave this field empty if you're human: <input type=\"text\" name=\"_mc4wp_honeypot\" value=\"\" tabindex=\"-1\" autocomplete=\"off\" \/><\/label><input type=\"hidden\" name=\"_mc4wp_timestamp\" value=\"1777538605\" \/><input type=\"hidden\" name=\"_mc4wp_form_id\" value=\"1891\" \/><input type=\"hidden\" name=\"_mc4wp_form_element_id\" value=\"mc4wp-form-1\" \/><div class=\"mc4wp-response\"><\/div><\/form><!-- \/ Mailchimp for WordPress Plugin --><hr class=\"x-line e4695-e18 m3mf-g m3mf-i\"\/><hr class=\"x-line e4695-e19 m3mf-g m3mf-i\"\/><\/div><\/div><\/div><\/div><div class=\"x-section e4695-e20 m3mf-0 m3mf-1 m3mf-3\"><div class=\"x-row x-container max width e4695-e21 m3mf-4 m3mf-5 m3mf-8\"><div class=\"x-row-inner\"><div class=\"x-col e4695-e22 m3mf-9 m3mf-a\"><div class=\"x-text x-text-headline e4695-e23 m3mf-d\"><div class=\"x-text-content\"><div class=\"x-text-content-text\"><h1 class=\"x-text-content-text-primary\">ARCHIV<\/h1>\n<\/div><\/div><\/div><hr class=\"x-line e4695-e24 m3mf-f m3mf-g\"\/><div class=\"x-text x-content e4695-e25 m3mf-j\"><p>23. April 2023 | Schloss Vichel<\/p>\n<p>26. M&auml;rz 2023 | 10 Jahre \"Bridges of Music\", Zitadelle Berlin<\/p>\n<p>21. M&auml;rz 2023 | Online Summit Pioneers of Change<\/p>\n<p>9. September | Gastmahl Konzerte, Munich<\/p>\n<p>6. Mai 2022 | Dominikanerkloster, Prenzlau<\/p>\n<p>1. April 2022 | Wabe Berlin<\/p>\n<p>1. Oktober 2021 | Musikbrauerei, Berlin<\/p>\n<p>4. September 2021 |Gut Holzhausen, Nieheim (verschoben)<\/p>\n<p>1. November 2020 | Schloss Vichel (verschoben)<\/p>\n<p>22. August 2020 | Jagdschloss Grunewald, Berlin (verschoben)<\/p>\n<p>3. April 2020 | Alte Bahnhofshalle Friedenau, Berlin (verschoben)<\/p>\n<p>13.-15. M&auml;rz 2020 | Workshop \"Improvisieren lernen\" | Nordkolleg Rendsburg, Rendsburg<\/p>\n<p>15. Februar 2020 | Schumann-Haus, Leipzig<\/p>\n<p>14. November 2019 | Medio.Rhein.Erft, Bergheim<\/p>\n<p>8. November 2019 | 30 Jahre Mauerfall | Berlin Bodemuseum<\/p>\n<p>19. Oktober 2019 | Salonabend, Berlin<\/p>\n<p>16. Juni 2019 | Kunsthaus Strodehne<\/p>\n<p>4. Mai 2019 | Friedrichskirche, Potsdam<\/p>\n<p>6. April 2019 | Matth&auml;uskirche, Luzern - CH<\/p>\n<p>24. M&auml;rz 2019 | Heilig-Kreuz-Kirche, Berlin<\/p>\n<p>3. M&auml;rz 2019 | St. Georg Wendessen, Wolfenb&uuml;ttel - Wendessen<\/p>\n<p>2. M&auml;rz 2019 | St. Georg Wendessen, Wolfenb&uuml;ttel &ndash; Wendessen<\/p>\n<p>24. Februar 2019 | Workshop f&uuml;r Instrumentalist*innen | Schwartzsche Villa, Berlin<\/p>\n<p>2. Februar 2019 | Villa Kult, Berlin<\/p>\n<p>15. November 2018 | b-flat, Berlin<\/p>\n<p>9. November 2018 | Dominikanerkloster Prenzlau<\/p>\n<p>21.-22. September 2018 | Workshop \"Improvisieren lernen\" | Nordkolleg Rendsburg<\/p>\n<p>14. September 2018 | Internationales Literaturfestival Berlin | Admiralspalast F101, Berlin<\/p>\n<p>11. August 2018 | Botanischer Garten, Berlin<\/p>\n<p>14. Juli 2018 | Kulturkirche Sch&uuml;pfer Grund, Boxberg-Untersch&uuml;pf<\/p>\n<p>1. Juli 2018 | Kulturhof Westerbeck, Westerkappeln<\/p>\n<p>27. Mai 2018 | Grotta Da Cultura, Scuol - CH<\/p>\n<p>26. Mai 2018 | Kulturplatz D&uuml;bendorf - CH<\/p>\n<p>25. Mai 2018 | Paracelsus Clinica al Ronc, Castaneda - CH<\/p>\n<p>6. Mai 2018 | Cello Crossing - zu Gast bei Stefanie John | Wabe, Berlin<\/p>\n<p>20. Januar 2018 | Residential Estate, Los Angeles - USA<\/p>\n<p>13. Januar 2018 | Winterserenade, Rostock<\/p>\n<p>5. November 2017 | Schloss Vichel<\/p>\n<p>4. November 2017 | Musikbrauerei, Berlin<\/p>\n<p>16. September 2017 | Workshop \"Improvisieren lernen\", Berlin<\/p>\n<p>4. August 2017 | Botanischer Garten, Berlin<\/p>\n<p>30. Juli 2017 | Th&uuml;ringische Sommerakademie B&ouml;hlen<\/p>\n<p>23. Juni 2017 | J&uuml;dische Woche Leipzig, Markleeberg<\/p>\n<p>22. Juni 2017 | Zimmer 16, Berlin<\/p>\n<p>9. Juni 2017 | Therme Bad Schandau<\/p>\n<p>3. Juni 2017 | Institute for Cultural Diplomacy, Berlin<\/p>\n<p>2. Februar 2017 | US Botschaft, Berlin<\/p>\n<p>16. Januar 2017 | Hotel Edelwei&szlig;, Sils Maria - CH<\/p>\n<p>15. Januar 2017 | Stiftung Diakonat Bethesda, Basel - CH<\/p>\n<p>14. Januar 2017 | Artos, Interlaken - CH<\/p>\n<p>13. Januar 2017 | Einstein Kultur, M&uuml;nchen<\/p>\n<p>2. Dezember 2016 | Heinrich-Middendorf-Oberschule, Aschendorf<\/p>\n<p>13. November 2016 | Zitadelle, Berlin<\/p>\n<p>3. November 2016 | Musik in den H&auml;usern der Stadt, Hamburg<\/p>\n<p>1. Juli 2016 | Botanischer Garten, Berlin<\/p>\n<p>22. Juni 2016 | Soho House Istanbul - TUR<\/p>\n<p>24. April 2016 | Gr&uuml;ner Salon, Berlin<\/p>\n<p>23. April 2016 | Schloss Gro&szlig; Plasten<\/p>\n<p>21. April 2016 | October Gallery, London - UK<\/p>\n<p>20. April 2016 | Morland Hall, Cumbria - UK<\/p>\n<p>16. April 2016 | Stahl. Lehmann Architekten, W&uuml;rzburg<\/p>\n<p>15. April 2016 | Piano G&auml;bler, Dresden<\/p>\n<p>6. M&auml;rz 2016 | Konzertsaal Bad Bertrich<\/p>\n<p>5. M&auml;rz 2016 | Hauskonzert, Umersbach<\/p>\n<p>27. Februar 2016 | Franz&ouml;sischer Dom, Berlin<\/p>\n<p>4. Dezember 2015 | Steinway-Haus Hamburg<\/p>\n<p>27. Oktober 2015 | B-Flat, Berlin<\/p>\n<p>23. Oktober 2015 | Einstein Kultur, M&uuml;nchen<\/p>\n<p>4. Oktober 2015 | Kulturplatz Strengelbach - CH<\/p>\n<p>3. Oktober 2015 | Pauluskirche, Davos -CH<\/p>\n<p>30. September 2015 | Hotel Artos-Interlaken - CH<\/p>\n<p>28. September 2015 | Hotel Edelweiss, Sils-Maria - CH<\/p>\n<p>20. September 2015 | The Cornelia Street Cafe, New York USA<\/p>\n<p>18. April 2015 | Admiralspalast F101, Berlin<\/p><\/div><\/div><\/div><\/div><\/div><\/div>","protected":false},"excerpt":{"rendered":"<p>Calendar Please subscribe to my newsletter to stay informed about my upcoming concerts and\/or workshops.NEWSLETTER &#8211; BEHIND THE BRIDGE For me music is a language that builds bridges between people, experiences, emotions, customs, hearts, and cultures.&nbsp;Live in concert, this happens in a uniquely magical moment, bundled and completely immersed in the moment. What takes place beyond the spotlight is what &#8230; <a href=\"https:\/\/beatrix-becker.de\/en\/calendar\/\" class=\"more-link\">Read More<\/a><\/p>\n","protected":false},"author":1,"featured_media":0,"parent":0,"menu_order":0,"comment_status":"closed","ping_status":"closed","template":"template-blank-4.php","meta":{"rs_blank_template":"","rs_page_bg_color":"","slide_template_v7":"","footnotes":""},"class_list":["post-4695","page","type-page","status-publish","hentry","no-post-thumbnail"],"yoast_head":"<!-- This site is optimized with the Yoast SEO plugin v27.5 - https:\/\/yoast.com\/product\/yoast-seo-wordpress\/ -->\n<title>Calender - Beatrix Becker<\/title>\n<meta name=\"robots\" content=\"index, follow, max-snippet:-1, max-image-preview:large, max-video-preview:-1\" \/>\n<link rel=\"canonical\" href=\"https:\/\/beatrix-becker.de\/en\/calendar\/\" \/>\n<meta property=\"og:locale\" content=\"en_US\" \/>\n<meta property=\"og:type\" content=\"article\" \/>\n<meta property=\"og:title\" content=\"Calender - Beatrix Becker\" \/>\n<meta property=\"og:description\" content=\"Calendar Please subscribe to my newsletter to stay informed about my upcoming concerts and\/or workshops.NEWSLETTER - BEHIND THE BRIDGE For me music is a language that builds bridges between people, experiences, emotions, customs, hearts, and cultures.&nbsp;Live in concert, this happens in a uniquely magical moment, bundled and completely immersed in the moment. What takes place beyond the spotlight is what ... Read More\" \/>\n<meta property=\"og:url\" content=\"https:\/\/beatrix-becker.de\/en\/calendar\/\" \/>\n<meta property=\"og:site_name\" content=\"Beatrix Becker\" \/>\n<meta property=\"article:publisher\" content=\"https:\/\/www.facebook.com\/beatrix.becker.music\/\" \/>\n<meta property=\"article:modified_time\" content=\"2025-08-20T09:53:57+00:00\" \/>\n<meta property=\"og:image\" content=\"https:\/\/beatrix-becker.de\/wp-content\/uploads\/2024\/02\/FuchsBeatrixBecker22_0106-scaled.jpg\" \/>\n\t<meta property=\"og:image:width\" content=\"2560\" \/>\n\t<meta property=\"og:image:height\" content=\"1392\" \/>\n\t<meta property=\"og:image:type\" content=\"image\/jpeg\" \/>\n<meta name=\"twitter:card\" content=\"summary_large_image\" \/>\n<meta name=\"twitter:label1\" content=\"Est. reading time\" \/>\n\t<meta name=\"twitter:data1\" content=\"3 minutes\" \/>\n<script type=\"application\/ld+json\" class=\"yoast-schema-graph\">{\"@context\":\"https:\\\/\\\/schema.org\",\"@graph\":[{\"@type\":\"WebPage\",\"@id\":\"https:\\\/\\\/beatrix-becker.de\\\/en\\\/calendar\\\/\",\"url\":\"https:\\\/\\\/beatrix-becker.de\\\/en\\\/calendar\\\/\",\"name\":\"Calender - Beatrix Becker\",\"isPartOf\":{\"@id\":\"https:\\\/\\\/beatrix-becker.de\\\/en\\\/#website\"},\"datePublished\":\"2021-11-06T10:17:07+00:00\",\"dateModified\":\"2025-08-20T09:53:57+00:00\",\"breadcrumb\":{\"@id\":\"https:\\\/\\\/beatrix-becker.de\\\/en\\\/calendar\\\/#breadcrumb\"},\"inLanguage\":\"en-US\",\"potentialAction\":[{\"@type\":\"ReadAction\",\"target\":[\"https:\\\/\\\/beatrix-becker.de\\\/en\\\/calendar\\\/\"]}]},{\"@type\":\"BreadcrumbList\",\"@id\":\"https:\\\/\\\/beatrix-becker.de\\\/en\\\/calendar\\\/#breadcrumb\",\"itemListElement\":[{\"@type\":\"ListItem\",\"position\":1,\"name\":\"Startseite\",\"item\":\"https:\\\/\\\/beatrix-becker.de\\\/en\\\/beatrix-becker-composer-musician-bridges-of-music\\\/\"},{\"@type\":\"ListItem\",\"position\":2,\"name\":\"Calender\"}]},{\"@type\":\"WebSite\",\"@id\":\"https:\\\/\\\/beatrix-becker.de\\\/en\\\/#website\",\"url\":\"https:\\\/\\\/beatrix-becker.de\\\/en\\\/\",\"name\":\"Beatrix Becker | Bridges of Music\",\"description\":\"Klavier Klarinette Komposition\",\"publisher\":{\"@id\":\"https:\\\/\\\/beatrix-becker.de\\\/en\\\/#\\\/schema\\\/person\\\/b78b650e7555d44f1c9a1b180d99e3e0\"},\"alternateName\":\"Beatrix Becker\",\"potentialAction\":[{\"@type\":\"SearchAction\",\"target\":{\"@type\":\"EntryPoint\",\"urlTemplate\":\"https:\\\/\\\/beatrix-becker.de\\\/en\\\/?s={search_term_string}\"},\"query-input\":{\"@type\":\"PropertyValueSpecification\",\"valueRequired\":true,\"valueName\":\"search_term_string\"}}],\"inLanguage\":\"en-US\"},{\"@type\":[\"Person\",\"Organization\"],\"@id\":\"https:\\\/\\\/beatrix-becker.de\\\/en\\\/#\\\/schema\\\/person\\\/b78b650e7555d44f1c9a1b180d99e3e0\",\"name\":\"Beatrix Becker\",\"image\":{\"@type\":\"ImageObject\",\"inLanguage\":\"en-US\",\"@id\":\"https:\\\/\\\/beatrix-becker.de\\\/wp-content\\\/uploads\\\/2024\\\/02\\\/FuchsBeatrixBecker22_0106-scaled.jpg\",\"url\":\"https:\\\/\\\/beatrix-becker.de\\\/wp-content\\\/uploads\\\/2024\\\/02\\\/FuchsBeatrixBecker22_0106-scaled.jpg\",\"contentUrl\":\"https:\\\/\\\/beatrix-becker.de\\\/wp-content\\\/uploads\\\/2024\\\/02\\\/FuchsBeatrixBecker22_0106-scaled.jpg\",\"width\":2560,\"height\":1392,\"caption\":\"Beatrix Becker\"},\"logo\":{\"@id\":\"https:\\\/\\\/beatrix-becker.de\\\/wp-content\\\/uploads\\\/2024\\\/02\\\/FuchsBeatrixBecker22_0106-scaled.jpg\"},\"description\":\"Komponistin, Klarinettistin, Coach. Vor ihrer Solo-Karriere studierte die Komponistin und Musikerin Beatrix Becker klassische Klarinette und Klavier. Als Bandleaderin und Solistin ver\u00f6ffentlichte sie zahlreiche Alben und spielte Konzerte in Deutschland, Europa, Israel und den USA, unter anderem mit Gr\u00f6\u00dfen wie Raul Jaurena, Helmut Eisel und Giora Feidman, der auf seinem Album Klezmer Bridges eine Einspielung ihrer Komposition \u201eUna Sonrisa\u201c ver\u00f6ffentlichte. 2012 folgte Beatrix Becker ihrem Bauchgef\u00fchl nach Buenos Aires und fand in der lebensfrohen, ein wenig aus der Zeit gefallenen Metropole den idealen Besinnungsort f\u00fcr ihre erste Solo-CD Melody of Love - \u201eein bemerkenswerter Ausdruck unserer Zeit\u201c (Carsten D\u00fcrer, PIANONews). Als Artist in Residence verbrachte sie 2013 mehrere Monate in der Schweiz - ihre CD Wassermusiken spiegelt in Klang gegossen die Eindr\u00fccke aus der unber\u00fchrten Natur, etablierte sie als \u201eTondichterin\u201c (Tip Berlin) und festigte ihren Ruf als \u201edas Berliner Fr\u00e4uleinwunder\u201c (Nicole Graner, S\u00fcddeutsche Zeitung) in der Veranstaltungsszene. 2015 gr\u00fcndete Beatrix Becker das Projekt Bridges of Music und unternahm mit Unterst\u00fctzung der Deutschen Botschaft in New York eine Konzert- und Begegnungsreise von New York \u00fcber London nach Berlin. Anschlie\u00dfend wurde sie von visitBerlin als musikalische Botschafterin nach Istanbul eingeladen, um dort 2016 im Rahmen der neuen Berlin-Kampagne zu konzertieren. Im selben Jahr erschien ihr im Berliner Hansastudio eingespieltes Album Phoenix. 2017 konzertierte Beatrix Becker anl\u00e4sslich des Martin Luther King Tages f\u00fcr die US Botschaft. Im Institute For Cultural Diplomacy (ICD) pr\u00e4sentierte sie Bridges of Music w\u00e4hrend des internationalen Symposiums Cultural Diplomacy in Germany. Ihren Ruf als \\\"one of Berlin\u2018s finest examples of musical talent\\\" (German World Magazine) erwarb sich Beatrix Becker 2018 in Los Angeles, wo sie zum 50-j\u00e4hrigen Jubil\u00e4um der St\u00e4dtepartnerschaft LA-Berlin ein Konzert gab. 2018 erschien in Zusammenarbeit mit dem Dresdner Gitarristen Benjamin Doppscher ihr Album f\u00fcr Klarinette und Gitarre: Kintsugi 2019 f\u00fchrte sie die Bridges of Music Reihe nach Luzern und Potsdam. Hier gab sie zwei Kooperationskonzerte mit dem Chor Luzern, unterst\u00fctzt von der Stadt Potsdam und der St\u00e4dtepartnerschaft Potsdam-Luzern. Im selben Jahr durfte sie mit Kompositionen ihres Bridges Of Music Programms zum Gala-Dinner \u201e30 Jahre Mauerfall\u201c im Berliner Bodemuseum konzertieren. 2020 initiierte sie ein Kooperationsvideo Bridges of Music, auf dem weltweit 50 Musiker*innen w\u00e4hrend des Covid-19 bedingten \u201eLockdowns\u201c im M\u00e4rz 2020 virtuell zusammen musizierten. 2022 erschien ihr aktuelles Album Book of Bridges: \\\"Welchen Tiefgang das Projekt hat, demonstriert sie auf ihrem neuen Album.\\\" (Erik Prochnow - Folker) 2023 feiert Beatrix Becker 10-j\u00e4hriges Jubil\u00e4um mit ihrer verbindenden Plattform Bridges of Music. Derzeit arbeitet die Komponistin an einem neuen Album Roots and Wings. Neben ihrer T\u00e4tigkeit als K\u00fcnstlerin und Komponistin ist sie auch als Dozentin aktiv und bietet Kurse in B\u00fchnentraining, Komposition und Improvisation an. 2023 gr\u00fcndete sie die Bridges of Music Academy, die unter anderem ihren erfolgreichen Online-Kurs Kreativ Klarinette Lernen beherbergt. Eine Auswahl ihrer Kompositionen erscheint seit 2017 im Friedrich Hofmeister Musikverlag.\",\"sameAs\":[\"https:\\\/\\\/www.beatrix-becker.de\",\"https:\\\/\\\/www.facebook.com\\\/beatrix.becker.music\\\/\",\"https:\\\/\\\/www.instagram.com\\\/beatrix_becker_music\",\"https:\\\/\\\/www.youtube.com\\\/@Kreativ-Klarinette-Lernen\"]}]}<\/script>\n<!-- \/ Yoast SEO plugin. -->","yoast_head_json":{"title":"Calender - Beatrix Becker","robots":{"index":"index","follow":"follow","max-snippet":"max-snippet:-1","max-image-preview":"max-image-preview:large","max-video-preview":"max-video-preview:-1"},"canonical":"https:\/\/beatrix-becker.de\/en\/calendar\/","og_locale":"en_US","og_type":"article","og_title":"Calender - Beatrix Becker","og_description":"Calendar Please subscribe to my newsletter to stay informed about my upcoming concerts and\/or workshops.NEWSLETTER - BEHIND THE BRIDGE For me music is a language that builds bridges between people, experiences, emotions, customs, hearts, and cultures.&nbsp;Live in concert, this happens in a uniquely magical moment, bundled and completely immersed in the moment. What takes place beyond the spotlight is what ... Read More","og_url":"https:\/\/beatrix-becker.de\/en\/calendar\/","og_site_name":"Beatrix Becker","article_publisher":"https:\/\/www.facebook.com\/beatrix.becker.music\/","article_modified_time":"2025-08-20T09:53:57+00:00","og_image":[{"width":2560,"height":1392,"url":"https:\/\/beatrix-becker.de\/wp-content\/uploads\/2024\/02\/FuchsBeatrixBecker22_0106-scaled.jpg","type":"image\/jpeg"}],"twitter_card":"summary_large_image","twitter_misc":{"Est. reading time":"3 minutes"},"schema":{"@context":"https:\/\/schema.org","@graph":[{"@type":"WebPage","@id":"https:\/\/beatrix-becker.de\/en\/calendar\/","url":"https:\/\/beatrix-becker.de\/en\/calendar\/","name":"Calender - Beatrix Becker","isPartOf":{"@id":"https:\/\/beatrix-becker.de\/en\/#website"},"datePublished":"2021-11-06T10:17:07+00:00","dateModified":"2025-08-20T09:53:57+00:00","breadcrumb":{"@id":"https:\/\/beatrix-becker.de\/en\/calendar\/#breadcrumb"},"inLanguage":"en-US","potentialAction":[{"@type":"ReadAction","target":["https:\/\/beatrix-becker.de\/en\/calendar\/"]}]},{"@type":"BreadcrumbList","@id":"https:\/\/beatrix-becker.de\/en\/calendar\/#breadcrumb","itemListElement":[{"@type":"ListItem","position":1,"name":"Startseite","item":"https:\/\/beatrix-becker.de\/en\/beatrix-becker-composer-musician-bridges-of-music\/"},{"@type":"ListItem","position":2,"name":"Calender"}]},{"@type":"WebSite","@id":"https:\/\/beatrix-becker.de\/en\/#website","url":"https:\/\/beatrix-becker.de\/en\/","name":"Beatrix Becker | Bridges of Music","description":"Klavier Klarinette Komposition","publisher":{"@id":"https:\/\/beatrix-becker.de\/en\/#\/schema\/person\/b78b650e7555d44f1c9a1b180d99e3e0"},"alternateName":"Beatrix Becker","potentialAction":[{"@type":"SearchAction","target":{"@type":"EntryPoint","urlTemplate":"https:\/\/beatrix-becker.de\/en\/?s={search_term_string}"},"query-input":{"@type":"PropertyValueSpecification","valueRequired":true,"valueName":"search_term_string"}}],"inLanguage":"en-US"},{"@type":["Person","Organization"],"@id":"https:\/\/beatrix-becker.de\/en\/#\/schema\/person\/b78b650e7555d44f1c9a1b180d99e3e0","name":"Beatrix Becker","image":{"@type":"ImageObject","inLanguage":"en-US","@id":"https:\/\/beatrix-becker.de\/wp-content\/uploads\/2024\/02\/FuchsBeatrixBecker22_0106-scaled.jpg","url":"https:\/\/beatrix-becker.de\/wp-content\/uploads\/2024\/02\/FuchsBeatrixBecker22_0106-scaled.jpg","contentUrl":"https:\/\/beatrix-becker.de\/wp-content\/uploads\/2024\/02\/FuchsBeatrixBecker22_0106-scaled.jpg","width":2560,"height":1392,"caption":"Beatrix Becker"},"logo":{"@id":"https:\/\/beatrix-becker.de\/wp-content\/uploads\/2024\/02\/FuchsBeatrixBecker22_0106-scaled.jpg"},"description":"Komponistin, Klarinettistin, Coach. Vor ihrer Solo-Karriere studierte die Komponistin und Musikerin Beatrix Becker klassische Klarinette und Klavier. Als Bandleaderin und Solistin ver\u00f6ffentlichte sie zahlreiche Alben und spielte Konzerte in Deutschland, Europa, Israel und den USA, unter anderem mit Gr\u00f6\u00dfen wie Raul Jaurena, Helmut Eisel und Giora Feidman, der auf seinem Album Klezmer Bridges eine Einspielung ihrer Komposition \u201eUna Sonrisa\u201c ver\u00f6ffentlichte. 2012 folgte Beatrix Becker ihrem Bauchgef\u00fchl nach Buenos Aires und fand in der lebensfrohen, ein wenig aus der Zeit gefallenen Metropole den idealen Besinnungsort f\u00fcr ihre erste Solo-CD Melody of Love - \u201eein bemerkenswerter Ausdruck unserer Zeit\u201c (Carsten D\u00fcrer, PIANONews). Als Artist in Residence verbrachte sie 2013 mehrere Monate in der Schweiz - ihre CD Wassermusiken spiegelt in Klang gegossen die Eindr\u00fccke aus der unber\u00fchrten Natur, etablierte sie als \u201eTondichterin\u201c (Tip Berlin) und festigte ihren Ruf als \u201edas Berliner Fr\u00e4uleinwunder\u201c (Nicole Graner, S\u00fcddeutsche Zeitung) in der Veranstaltungsszene. 2015 gr\u00fcndete Beatrix Becker das Projekt Bridges of Music und unternahm mit Unterst\u00fctzung der Deutschen Botschaft in New York eine Konzert- und Begegnungsreise von New York \u00fcber London nach Berlin. Anschlie\u00dfend wurde sie von visitBerlin als musikalische Botschafterin nach Istanbul eingeladen, um dort 2016 im Rahmen der neuen Berlin-Kampagne zu konzertieren. Im selben Jahr erschien ihr im Berliner Hansastudio eingespieltes Album Phoenix. 2017 konzertierte Beatrix Becker anl\u00e4sslich des Martin Luther King Tages f\u00fcr die US Botschaft. Im Institute For Cultural Diplomacy (ICD) pr\u00e4sentierte sie Bridges of Music w\u00e4hrend des internationalen Symposiums Cultural Diplomacy in Germany. Ihren Ruf als \"one of Berlin\u2018s finest examples of musical talent\" (German World Magazine) erwarb sich Beatrix Becker 2018 in Los Angeles, wo sie zum 50-j\u00e4hrigen Jubil\u00e4um der St\u00e4dtepartnerschaft LA-Berlin ein Konzert gab. 2018 erschien in Zusammenarbeit mit dem Dresdner Gitarristen Benjamin Doppscher ihr Album f\u00fcr Klarinette und Gitarre: Kintsugi 2019 f\u00fchrte sie die Bridges of Music Reihe nach Luzern und Potsdam. Hier gab sie zwei Kooperationskonzerte mit dem Chor Luzern, unterst\u00fctzt von der Stadt Potsdam und der St\u00e4dtepartnerschaft Potsdam-Luzern. Im selben Jahr durfte sie mit Kompositionen ihres Bridges Of Music Programms zum Gala-Dinner \u201e30 Jahre Mauerfall\u201c im Berliner Bodemuseum konzertieren. 2020 initiierte sie ein Kooperationsvideo Bridges of Music, auf dem weltweit 50 Musiker*innen w\u00e4hrend des Covid-19 bedingten \u201eLockdowns\u201c im M\u00e4rz 2020 virtuell zusammen musizierten. 2022 erschien ihr aktuelles Album Book of Bridges: \"Welchen Tiefgang das Projekt hat, demonstriert sie auf ihrem neuen Album.\" (Erik Prochnow - Folker) 2023 feiert Beatrix Becker 10-j\u00e4hriges Jubil\u00e4um mit ihrer verbindenden Plattform Bridges of Music. Derzeit arbeitet die Komponistin an einem neuen Album Roots and Wings. Neben ihrer T\u00e4tigkeit als K\u00fcnstlerin und Komponistin ist sie auch als Dozentin aktiv und bietet Kurse in B\u00fchnentraining, Komposition und Improvisation an. 2023 gr\u00fcndete sie die Bridges of Music Academy, die unter anderem ihren erfolgreichen Online-Kurs Kreativ Klarinette Lernen beherbergt. Eine Auswahl ihrer Kompositionen erscheint seit 2017 im Friedrich Hofmeister Musikverlag.","sameAs":["https:\/\/www.beatrix-becker.de","https:\/\/www.facebook.com\/beatrix.becker.music\/","https:\/\/www.instagram.com\/beatrix_becker_music","https:\/\/www.youtube.com\/@Kreativ-Klarinette-Lernen"]}]}},"_links":{"self":[{"href":"https:\/\/beatrix-becker.de\/en\/wp-json\/wp\/v2\/pages\/4695","targetHints":{"allow":["GET"]}}],"collection":[{"href":"https:\/\/beatrix-becker.de\/en\/wp-json\/wp\/v2\/pages"}],"about":[{"href":"https:\/\/beatrix-becker.de\/en\/wp-json\/wp\/v2\/types\/page"}],"author":[{"embeddable":true,"href":"https:\/\/beatrix-becker.de\/en\/wp-json\/wp\/v2\/users\/1"}],"replies":[{"embeddable":true,"href":"https:\/\/beatrix-becker.de\/en\/wp-json\/wp\/v2\/comments?post=4695"}],"version-history":[{"count":0,"href":"https:\/\/beatrix-becker.de\/en\/wp-json\/wp\/v2\/pages\/4695\/revisions"}],"wp:attachment":[{"href":"https:\/\/beatrix-becker.de\/en\/wp-json\/wp\/v2\/media?parent=4695"}],"curies":[{"name":"wp","href":"https:\/\/api.w.org\/{rel}","templated":true}]}}